{"id":2299,"date":"2024-12-13T15:54:35","date_gmt":"2024-12-13T14:54:35","guid":{"rendered":"https:\/\/fonkelzorginternational.nl\/despre-noi\/"},"modified":"2025-01-21T14:10:48","modified_gmt":"2025-01-21T13:10:48","slug":"despre-noi","status":"publish","type":"page","link":"https:\/\/fonkelzorginternational.nl\/ro\/despre-noi\/","title":{"rendered":"Despre noi"},"content":{"rendered":"<p>[et_pb_section fb_built=&#8221;1&#8243; _builder_version=&#8221;4.27.2&#8243; _module_preset=&#8221;default&#8221; background_color=&#8221;#f4f7f7&#8243; global_colors_info=&#8221;{}&#8221;][et_pb_row column_structure=&#8221;1_2,1_2&#8243; admin_label=&#8221;aceasta&#8221; _builder_version=&#8221;4.27.4&#8243; _module_preset=&#8221;b7c4a7bf-37bc-46e6-8c53-818c30ab16f1&#8243; global_colors_info=&#8221;{}&#8221;][et_pb_column type=&#8221;1_2&#8243; _builder_version=&#8221;4.27.2&#8243; _module_preset=&#8221;default&#8221; background_image=&#8221;https:\/\/fonkelzorginternational.nl\/wp-content\/uploads\/2024\/12\/yellow-border-hexa.svg&#8221; background_size=&#8221;contain&#8221; global_colors_info=&#8221;{}&#8221;][et_pb_image src=&#8221;https:\/\/fonkelzorginternational.nl\/wp-content\/uploads\/2024\/12\/67121dd4e07656cfb3e08893f208babc.jpg&#8221; title_text=&#8221;67121dd4e07656cfb3e08893f208babc&#8221; _builder_version=&#8221;4.27.4&#8243; _module_preset=&#8221;default&#8221; width=&#8221;345px&#8221; width_tablet=&#8221;257px&#8221; width_phone=&#8221;228px&#8221; width_last_edited=&#8221;on|phone&#8221; max_width=&#8221;100%&#8221; height=&#8221;400px&#8221; height_tablet=&#8221;300px&#8221; height_phone=&#8221;250px&#8221; height_last_edited=&#8221;on|phone&#8221; custom_css_main_element=&#8221; clip-path: polygon(50% 0, 100% 25%, 100% 75%, 50% 100%, 0 75%, 0 25%);&#8221; custom_css_free_form=&#8221;selector img {||  object-fit: cover !important;||  width: 100% !important;||}||selector .et_pb_image_wrap {||  width: 100% !important;||}&#8221; global_colors_info=&#8221;{}&#8221;][\/et_pb_image][et_pb_image src=&#8221;https:\/\/fonkelzorginternational.nl\/wp-content\/uploads\/2024\/11\/718293a623b8657e41f98bcc0175e6e1.jpg&#8221; title_text=&#8221;718293a623b8657e41f98bcc0175e6e1&#8243; align=&#8221;right&#8221; align_tablet=&#8221;right&#8221; align_phone=&#8221;right&#8221; align_last_edited=&#8221;on|phone&#8221; _builder_version=&#8221;4.27.4&#8243; _module_preset=&#8221;default&#8221; width=&#8221;215px&#8221; width_tablet=&#8221;215px&#8221; width_phone=&#8221;156px&#8221; width_last_edited=&#8221;on|desktop&#8221; max_width=&#8221;100%&#8221; height=&#8221;250px&#8221; height_tablet=&#8221;250px&#8221; height_phone=&#8221;180px&#8221; height_last_edited=&#8221;on|phone&#8221; custom_margin=&#8221;-150px||||false|false&#8221; custom_margin_tablet=&#8221;-100px||||false|false&#8221; custom_margin_phone=&#8221;-60px||||false|false&#8221; custom_margin_last_edited=&#8221;on|phone&#8221; custom_css_main_element=&#8221; clip-path: polygon(50% 0, 100% 25%, 100% 75%, 50% 100%, 0 75%, 0 25%);&#8221; custom_css_free_form=&#8221;selector img {||  object-fit: cover !important;||  width: 100% !important;||}||selector .et_pb_image_wrap {||  width: 100% !important;||}&#8221; global_colors_info=&#8221;{}&#8221;][\/et_pb_image][et_pb_image src=&#8221;https:\/\/fonkelzorginternational.nl\/wp-content\/uploads\/2024\/12\/starts-icon-2nd.svg&#8221; title_text=&#8221;\u00eencepe-icon-2nd&#8221; align=&#8221;right&#8221; _builder_version=&#8221;4.27.2&#8243; _module_preset=&#8221;default&#8221; positioning=&#8221;absolute&#8221; position_origin_a=&#8221;top_right&#8221; horizontal_offset=&#8221;50px&#8221; z_index=&#8221;15&#8243; width=&#8221;100%&#8221; max_width_tablet=&#8221;80px&#8221; max_width_phone=&#8221;50px&#8221; max_width_last_edited=&#8221;on|tablet&#8221; scroll_vertical_motion_enable=&#8221;on&#8221; scroll_vertical_motion=&#8221;0|50|50|100|-0.5|0|1.5&#8243; locked=&#8221;off&#8221; global_colors_info=&#8221;{}&#8221;][\/et_pb_image][\/et_pb_column][et_pb_column type=&#8221;1_2&#8243; _builder_version=&#8221;4.27.2&#8243; _module_preset=&#8221;default&#8221; global_colors_info=&#8221;{}&#8221;][et_pb_text _builder_version=&#8221;4.27.2&#8243; _module_preset=&#8221;bb913741-a071-46dc-b88b-5468b9a66b6b&#8221; header_5_font=&#8221;|700||on|||||&#8221; header_5_text_color=&#8221;#8DD0E1&#8243; header_5_line_height=&#8221;20px&#8221; custom_margin=&#8221;||0px||false|false&#8221; locked=&#8221;off&#8221; global_colors_info=&#8221;{}&#8221;]<\/p>\n<h5>Despre noi<\/h5>\n<p>[\/et_pb_text][et_pb_text _builder_version=&#8221;4.27.2&#8243; _module_preset=&#8221;bb913741-a071-46dc-b88b-5468b9a66b6b&#8221; header_2_font=&#8221;|700|||||||&#8221; header_2_text_color=&#8221;#337D82&#8243; header_2_font_size=&#8221;36px&#8221; header_2_line_height=&#8221;40px&#8221; module_alignment=&#8221;left&#8221; custom_margin=&#8221;||||false|false&#8221; header_2_font_size_tablet=&#8221;36px&#8221; header_2_font_size_phone=&#8221;&#8221; header_2_font_size_last_edited=&#8221;on|tablet&#8221; locked=&#8221;off&#8221; global_colors_info=&#8221;{}&#8221;]<\/p>\n<h2>\u00cengrijire cu un z\u00e2mbet.<\/h2>\n<p>[\/et_pb_text][et_pb_text _builder_version=&#8221;4.27.2&#8243; _module_preset=&#8221;bb913741-a071-46dc-b88b-5468b9a66b6b&#8221; text_text_color=&#8221;#727272&#8243; text_font_size=&#8221;16px&#8221; text_line_height=&#8221;24px&#8221; module_alignment=&#8221;left&#8221; custom_padding_tablet=&#8221;||0px||false|false&#8221; custom_padding_phone=&#8221;||0px||false|false&#8221; custom_padding_last_edited=&#8221;on|phone&#8221; locked=&#8221;off&#8221; global_colors_info=&#8221;{}&#8221;]<\/p>\n<p>Mul\u021bi angaja\u021bi interna\u021bionali nu sunt \u00eenregistra\u021bi la un medic de familie olandez. Acest lucru se \u00eent\u00e2mpl\u0103 adesea pentru c\u0103 sunt aici temporar sau pentru c\u0103 li se pare complicat s\u0103 organizeze \u00eengrijirea medicului de familie. <\/p>\n<p><span><strong>Acest lucru poate \u0219i ar trebui s\u0103 fie diferit!<\/strong><\/span><\/p>\n<p>Special pentru ei &#8211; \u0219i, prin urmare, pentru dumneavoastr\u0103 &#8211; exist\u0103 Fonkelzorg International.  <strong>Asigur\u0103m accesul la serviciile medicului de familie \u0219i v\u0103 explic\u0103m cu pl\u0103cere cum func\u021bioneaz\u0103 asisten\u021ba medical\u0103 olandez\u0103.<\/strong>  \u00cen plus, v\u0103 ajut\u0103m \u00een propria dumneavoastr\u0103 limb\u0103, astfel \u00eenc\u00e2t s\u0103 \u00een\u021belege\u021bi exact ce este implicat \u0219i ce este posibil. Echipa noastr\u0103 interna\u021bional\u0103 vorbe\u0219te englez\u0103, polonez\u0103, bulgar\u0103, rom\u00e2n\u0103, spaniol\u0103 \u0219i, desigur, olandez\u0103. Astfel, nu trebuie s\u0103 v\u0103 face\u021bi niciodat\u0103 griji cu privire la barierele lingvistice.  <\/p>\n<p><strong>Avem \u00eentotdeauna loc pentru pacien\u021bi noi<\/strong> \u0219i lucr\u0103m \u00eempreun\u0103 cu dumneavoastr\u0103 pentru a g\u0103si cea mai bun\u0103 solu\u021bie pentru problema dumneavoastr\u0103 medical\u0103. Astfel, oferim \u00eengrijire calitativ\u0103, adecvat\u0103 \u0219i complet adaptat\u0103 la situa\u021bia dumneavoastr\u0103. <\/p>\n<p>[\/et_pb_text][\/et_pb_column][\/et_pb_row][et_pb_row column_structure=&#8221;1_2,1_2&#8243; make_equal=&#8221;on&#8221; _builder_version=&#8221;4.27.2&#8243; _module_preset=&#8221;22740ac9-d4ae-4ac9-adb6-8815f0428c45&#8243; custom_padding=&#8221;40px||12px||false|false&#8221; locked=&#8221;off&#8221; global_colors_info=&#8221;{}&#8221;][et_pb_column type=&#8221;1_2&#8243; module_class=&#8221;img-col&#8221; _builder_version=&#8221;4.27.2&#8243; _module_preset=&#8221;default&#8221; background_color=&#8221;#FFFFFF&#8221; custom_padding=&#8221;40px|40px|40px|40px|false|true&#8221; custom_padding_tablet=&#8221;30px|30px|30px|30px|true|true&#8221; custom_padding_phone=&#8221;20px|20px|20px|20px|true|true&#8221; custom_padding_last_edited=&#8221;on|tablet&#8221; border_radii=&#8221;on|8px|8px|8px|8px&#8221; global_colors_info=&#8221;{}&#8221; custom_css_main_element_last_edited=&#8221;off|phone&#8221;][et_pb_text _builder_version=&#8221;4.27.2&#8243; _module_preset=&#8221;17423fa6-8230-4801-bd1a-2a3cf8afda0d&#8221; header_5_font=&#8221;|700||on|||||&#8221; header_5_text_color=&#8221;#8DD0E1&#8243; header_5_line_height=&#8221;20px&#8221; custom_margin=&#8221;||0px||false|false&#8221; locked=&#8221;off&#8221; global_colors_info=&#8221;{}&#8221;]<\/p>\n<h5>ASTA ESTE CEEA CE SUS\u021aINEM<\/h5>\n<p>[\/et_pb_text][et_pb_text _builder_version=&#8221;4.27.2&#8243; _module_preset=&#8221;17423fa6-8230-4801-bd1a-2a3cf8afda0d&#8221; header_3_font=&#8221;|300|||||||&#8221; header_3_text_color=&#8221;#337D82&#8243; header_3_font_size=&#8221;24px&#8221; header_3_line_height=&#8221;30px&#8221; custom_margin=&#8221;||10px||false|false&#8221; custom_padding=&#8221;||||false|true&#8221; locked=&#8221;off&#8221; global_colors_info=&#8221;{}&#8221;]<\/p>\n<h3><strong>\u00cengrijire cu un z\u00e2mbet.<\/strong><\/h3>\n<p>[\/et_pb_text][et_pb_text _builder_version=&#8221;4.27.2&#8243; _module_preset=&#8221;17423fa6-8230-4801-bd1a-2a3cf8afda0d&#8221; text_line_height=&#8221;21px&#8221; custom_padding=&#8221;||||false|true&#8221; locked=&#8221;off&#8221; global_colors_info=&#8221;{}&#8221;]<\/p>\n<p><span style=\"color: rgba(0, 0, 0, 0.53);\">Credem c\u0103 toat\u0103 lumea din \u021a\u0103rile de Jos ar trebui s\u0103 aib\u0103 acces u\u0219or la o bun\u0103 \u00eengrijire de medicin\u0103 general\u0103. Chiar \u0219i cei care locuiesc \u0219i lucreaz\u0103 aici doar temporar. Acesta este motivul pentru care ne asigur\u0103m c\u0103 avem \u00eentotdeauna loc pentru noi pacien\u021bi interna\u021bionali \u0219i oferim asisten\u021b\u0103 medical\u0103 \u00een mai multe limbi. Atunci c\u00e2nd nu exist\u0103 o barier\u0103 lingvistic\u0103, calitatea \u00eengrijirii este mai ridicat\u0103. Acesta este modul \u00een care oferim \u00eengrijire cu z\u00e2mbetul pe buze zi de zi. Cea mai bun\u0103 \u00eengrijire pentru pacien\u021bii no\u0219tri este \u00eentotdeauna pe primul loc.       <\/span><\/p>\n<p>[\/et_pb_text][\/et_pb_column][et_pb_column type=&#8221;1_2&#8243; module_class=&#8221;img-col&#8221; _builder_version=&#8221;4.27.2&#8243; _module_preset=&#8221;default&#8221; background_color=&#8221;#FFFFFF&#8221; custom_padding=&#8221;40px|40px|40px|40px|false|true&#8221; custom_padding_tablet=&#8221;30px|30px|30px|30px|true|true&#8221; custom_padding_phone=&#8221;20px|20px|20px|20px|true|true&#8221; custom_padding_last_edited=&#8221;on|tablet&#8221; border_radii=&#8221;on|8px|8px|8px|8px&#8221; global_colors_info=&#8221;{}&#8221; custom_css_main_element_last_edited=&#8221;off|phone&#8221;][et_pb_text _builder_version=&#8221;4.27.2&#8243; _module_preset=&#8221;17423fa6-8230-4801-bd1a-2a3cf8afda0d&#8221; header_5_font=&#8221;|700||on|||||&#8221; header_5_text_color=&#8221;#8DD0E1&#8243; header_5_line_height=&#8221;20px&#8221; custom_margin=&#8221;||0px||false|false&#8221; locked=&#8221;off&#8221; global_colors_info=&#8221;{}&#8221;]<\/p>\n<h5>viziune<\/h5>\n<p>[\/et_pb_text][et_pb_text _builder_version=&#8221;4.27.2&#8243; _module_preset=&#8221;17423fa6-8230-4801-bd1a-2a3cf8afda0d&#8221; header_3_font=&#8221;|300|||||||&#8221; header_3_text_color=&#8221;#337D82&#8243; header_3_font_size=&#8221;24px&#8221; header_3_line_height=&#8221;30px&#8221; custom_margin=&#8221;||10px||false|false&#8221; custom_padding=&#8221;||||false|true&#8221; locked=&#8221;off&#8221; global_colors_info=&#8221;{}&#8221;]<\/p>\n<h3><b>Contribuim la o mai bun\u0103 \u00eengrijire a medicilor de familie.<\/b><\/h3>\n<p>[\/et_pb_text][et_pb_text _builder_version=&#8221;4.27.2&#8243; _module_preset=&#8221;17423fa6-8230-4801-bd1a-2a3cf8afda0d&#8221; text_line_height=&#8221;21px&#8221; custom_padding=&#8221;||||false|true&#8221; locked=&#8221;off&#8221; global_colors_info=&#8221;{}&#8221;]<\/p>\n<p><span style=\"color: rgba(0, 0, 0, 0.53);\">La fiecare alegere pe care o facem, ne punem urm\u0103toarea \u00eentrebare: <strong>&#8222;Contribuie acest lucru la o mai bun\u0103 \u00eengrijire a medicilor de familie din \u021a\u0103rile de Jos&#8221;?<\/strong> Dac\u0103 r\u0103spunsul este &#8222;da&#8221;, mergem mai departe, altfel nu. Viziunea noastr\u0103 este de a combina aceast\u0103 pasiune pentru \u00eengrijirea medicilor de familie cu spiritul antreprenorial. A\u0219adar, ne uit\u0103m \u00een mod activ la modul \u00een care putem face ca eficien\u021ba afacerilor s\u0103 lucreze \u00een favoarea asisten\u021bei medicale.  <\/span><\/p>\n<p>[\/et_pb_text][\/et_pb_column][\/et_pb_row][\/et_pb_section][et_pb_section fb_built=&#8221;1&#8243; _builder_version=&#8221;4.27.2&#8243; _module_preset=&#8221;default&#8221; background_color=&#8221;#FFFFFF&#8221; custom_padding=&#8221;120px||108px||false|false&#8221; global_colors_info=&#8221;{}&#8221;][et_pb_row _builder_version=&#8221;4.27.2&#8243; _module_preset=&#8221;033896f9-bc64-4429-be7c-adf6e0a48d97&#8243; custom_padding=&#8221;0px||42px||false|false&#8221; global_colors_info=&#8221;{}&#8221;][et_pb_column type=&#8221;4_4&#8243; _builder_version=&#8221;4.27.2&#8243; _module_preset=&#8221;default&#8221; global_colors_info=&#8221;{}&#8221;][et_pb_text _builder_version=&#8221;4.27.4&#8243; _module_preset=&#8221;7bc948f9-2e88-4261-b60d-1c67f3e9cf94&#8243; text_text_color=&#8221;#F2E559&#8243; header_5_font=&#8221;|700||on|||||&#8221; header_5_text_color=&#8221;#e4c800&#8243; header_5_line_height=&#8221;20px&#8221; text_orientation=&#8221;center&#8221; custom_margin=&#8221;||0px||false|false&#8221; global_colors_info=&#8221;{}&#8221;]<\/p>\n<h5>VALORILE NOASTRE DE RECOACERE<\/h5>\n<p>[\/et_pb_text][et_pb_text _builder_version=&#8221;4.27.2&#8243; _module_preset=&#8221;7bc948f9-2e88-4261-b60d-1c67f3e9cf94&#8243; header_2_font=&#8221;|700|||||||&#8221; header_2_text_color=&#8221;#040210&#8243; text_orientation=&#8221;center&#8221; custom_margin=&#8221;||0px||false|false&#8221; global_colors_info=&#8221;{}&#8221;]<\/p>\n<h2><span style=\"color: #2b7175;\">Aceasta este Fonkelzorg International.<\/span><\/h2>\n<p>[\/et_pb_text][\/et_pb_column][\/et_pb_row][et_pb_row column_structure=&#8221;1_3,1_3,1_3&#8243; _builder_version=&#8221;4.27.2&#8243; _module_preset=&#8221;033896f9-bc64-4429-be7c-adf6e0a48d97&#8243; custom_padding=&#8221;12px||12px||true|false&#8221; global_colors_info=&#8221;{}&#8221;][et_pb_column type=&#8221;1_3&#8243; _builder_version=&#8221;4.27.2&#8243; _module_preset=&#8221;default&#8221; global_colors_info=&#8221;{}&#8221;][et_pb_blurb title=&#8221;Pasionat&#8221; use_icon=&#8221;on&#8221; font_icon=&#8221;&#x41;||divi||400&#8243; icon_color=&#8221;#E4C800&#8243; icon_placement=&#8221;left&#8221; image_icon_width=&#8221;70px&#8221; _builder_version=&#8221;4.27.4&#8243; _module_preset=&#8221;default&#8221; header_font=&#8221;|700|||||||&#8221; header_text_color=&#8221;#2B7175&#8243; header_font_size=&#8221;20px&#8221; header_line_height=&#8221;30px&#8221; body_text_color=&#8221;#727272&#8243; body_line_height=&#8221;21px&#8221; background_color=&#8221;#f9f9f9&#8243; custom_padding=&#8221;24px|24px|24px|24px|true|true&#8221; border_radii=&#8221;on|4px|4px|4px|4px&#8221; global_colors_info=&#8221;{}&#8221; custom_css_main_element__hover_enabled=&#8221;on|hover&#8221; custom_css_main_element__hover=&#8221;box-shadow: 0px 13px 25px 0px rgba(198, 198, 198, 0.35)&#8221; background__hover_enabled=&#8221;on|hover&#8221; background_color__hover=&#8221;#FFFFFF&#8221; background_enable_color__hover=&#8221;on&#8221;]<\/p>\n<p>To\u021bi cei care lucreaz\u0103 cu noi sunt foarte pasiona\u021bi de munca noastr\u0103. Devenim foarte mul\u021bumi\u021bi de contribu\u021bia pe care o aducem la \u00eengrijirea medicilor de familie olandezi. <\/p>\n<p>[\/et_pb_blurb][\/et_pb_column][et_pb_column type=&#8221;1_3&#8243; _builder_version=&#8221;4.27.2&#8243; _module_preset=&#8221;default&#8221; global_colors_info=&#8221;{}&#8221;][et_pb_blurb title=&#8221;\u00cenv\u0103\u021barea&#8221; use_icon=&#8221;on&#8221; font_icon=&#8221;&#x41;||divi||400&#8243; icon_color=&#8221;#E4C800&#8243; icon_placement=&#8221;left&#8221; image_icon_width=&#8221;70px&#8221; _builder_version=&#8221;4.27.4&#8243; _module_preset=&#8221;default&#8221; header_font=&#8221;|700|||||||&#8221; header_text_color=&#8221;#2B7175&#8243; header_font_size=&#8221;20px&#8221; header_line_height=&#8221;30px&#8221; body_text_color=&#8221;#727272&#8243; body_line_height=&#8221;21px&#8221; background_color=&#8221;#f9f9f9&#8243; custom_padding=&#8221;24px|24px|24px|24px|true|true&#8221; border_radii=&#8221;on|4px|4px|4px|4px&#8221; global_colors_info=&#8221;{}&#8221; custom_css_main_element__hover_enabled=&#8221;on|hover&#8221; custom_css_main_element__hover=&#8221;box-shadow: 0px 13px 25px 0px rgba(198, 198, 198, 0.35)&#8221; background__hover_enabled=&#8221;on|hover&#8221; background_color__hover=&#8221;#FFFFFF&#8221; background_enable_color__hover=&#8221;on&#8221;]<\/p>\n<p>Toat\u0103 lumea se bucur\u0103 de dezvoltare. Nou\u0103 ne place! Ne \u00eentreb\u0103m mereu: cum putem face munca noastr\u0103 \u0219i mai pl\u0103cut\u0103 \u0219i mai bun\u0103? Pentru noi \u00een\u0219ine \u0219i, desigur, \u0219i pentru pacient.   <\/p>\n<p>[\/et_pb_blurb][\/et_pb_column][et_pb_column type=&#8221;1_3&#8243; _builder_version=&#8221;4.27.2&#8243; _module_preset=&#8221;default&#8221; global_colors_info=&#8221;{}&#8221;][et_pb_blurb title=&#8221;Optimist&#8221; use_icon=&#8221;on&#8221; font_icon=&#8221;&#x41;||divi||400&#8243; icon_color=&#8221;#E4C800&#8243; icon_placement=&#8221;left&#8221; image_icon_width=&#8221;70px&#8221; _builder_version=&#8221;4.27.4&#8243; _module_preset=&#8221;default&#8221; header_font=&#8221;|700|||||||&#8221; header_text_color=&#8221;#2B7175&#8243; header_font_size=&#8221;20px&#8221; header_line_height=&#8221;30px&#8221; body_text_color=&#8221;#727272&#8243; body_line_height=&#8221;21px&#8221; background_color=&#8221;#f9f9f9&#8243; custom_padding=&#8221;24px|24px|24px|24px|true|true&#8221; border_radii=&#8221;on|4px|4px|4px|4px&#8221; global_colors_info=&#8221;{}&#8221; custom_css_main_element__hover_enabled=&#8221;on|hover&#8221; custom_css_main_element__hover=&#8221;box-shadow: 0px 13px 25px 0px rgba(198, 198, 198, 0.35)&#8221; background__hover_enabled=&#8221;on|hover&#8221; background_color__hover=&#8221;#FFFFFF&#8221; background_enable_color__hover=&#8221;on&#8221;]<\/p>\n<p>Exist\u0103 \u00eentotdeauna lucruri care pot fi f\u0103cute mai bine sau care \u00een prezent par imposibile. Ne \u00eentreb\u0103m mereu: ce se poate face? <\/p>\n<p>[\/et_pb_blurb][\/et_pb_column][\/et_pb_row][et_pb_row column_structure=&#8221;1_3,1_3,1_3&#8243; _builder_version=&#8221;4.27.2&#8243; _module_preset=&#8221;033896f9-bc64-4429-be7c-adf6e0a48d97&#8243; custom_padding=&#8221;12px||12px||true|false&#8221; global_colors_info=&#8221;{}&#8221;][et_pb_column type=&#8221;1_3&#8243; _builder_version=&#8221;4.27.2&#8243; _module_preset=&#8221;default&#8221; global_colors_info=&#8221;{}&#8221;][et_pb_blurb title=&#8221;Energetic&#8221; use_icon=&#8221;on&#8221; font_icon=&#8221;&#x41;||divi||400&#8243; icon_color=&#8221;#E4C800&#8243; icon_placement=&#8221;left&#8221; image_icon_width=&#8221;70px&#8221; _builder_version=&#8221;4.27.4&#8243; _module_preset=&#8221;default&#8221; header_font=&#8221;|700|||||||&#8221; header_text_color=&#8221;#2B7175&#8243; header_font_size=&#8221;20px&#8221; header_line_height=&#8221;30px&#8221; body_text_color=&#8221;#727272&#8243; body_line_height=&#8221;21px&#8221; background_color=&#8221;#f9f9f9&#8243; custom_padding=&#8221;24px|24px|24px|24px|true|true&#8221; border_radii=&#8221;on|4px|4px|4px|4px&#8221; global_colors_info=&#8221;{}&#8221; custom_css_main_element__hover_enabled=&#8221;on|hover&#8221; custom_css_main_element__hover=&#8221;box-shadow: 0px 13px 25px 0px rgba(198, 198, 198, 0.35)&#8221; background__hover_enabled=&#8221;on|hover&#8221; background_color__hover=&#8221;#FFFFFF&#8221; background_enable_color__hover=&#8221;on&#8221;]<\/p>\n<p>Munca noastr\u0103 nu ne cost\u0103 energie; ea ne energizeaz\u0103. \u00cempreun\u0103, ne dedic\u0103m la maximum pacien\u021bilor no\u0219tri interna\u021bionali \u0219i unii altora.   <\/p>\n<p>[\/et_pb_blurb][\/et_pb_column][et_pb_column type=&#8221;1_3&#8243; _builder_version=&#8221;4.27.2&#8243; _module_preset=&#8221;default&#8221; global_colors_info=&#8221;{}&#8221;][et_pb_blurb title=&#8221;Inovatoare&#8221; use_icon=&#8221;on&#8221; font_icon=&#8221;&#x41;||divi||400&#8243; icon_color=&#8221;#E4C800&#8243; icon_placement=&#8221;left&#8221; image_icon_width=&#8221;70px&#8221; _builder_version=&#8221;4.27.4&#8243; _module_preset=&#8221;default&#8221; header_font=&#8221;|700|||||||&#8221; header_text_color=&#8221;#2B7175&#8243; header_font_size=&#8221;20px&#8221; header_line_height=&#8221;30px&#8221; body_text_color=&#8221;#727272&#8243; body_line_height=&#8221;21px&#8221; background_color=&#8221;#f9f9f9&#8243; custom_padding=&#8221;24px|24px|24px|24px|true|true&#8221; border_radii=&#8221;on|4px|4px|4px|4px&#8221; global_colors_info=&#8221;{}&#8221; custom_css_main_element__hover_enabled=&#8221;on|hover&#8221; custom_css_main_element__hover=&#8221;box-shadow: 0px 13px 25px 0px rgba(198, 198, 198, 0.35)&#8221; background__hover_enabled=&#8221;on|hover&#8221; background_color__hover=&#8221;#FFFFFF&#8221; background_enable_color__hover=&#8221;on&#8221;]<\/p>\n<p>Ne place s\u0103 fim \u00een fruntea \u00eengrijirii medicilor de familie olandezi \u0219i s\u0103 \u00eencerc\u0103m multe lucruri noi. \u00centotdeauna g\u00e2ndim pu\u021bin diferit. Acesta este motivul pentru care, de exemplu, Fonkelzorg International exist\u0103.  <\/p>\n<p>[\/et_pb_blurb][\/et_pb_column][et_pb_column type=&#8221;1_3&#8243; _builder_version=&#8221;4.27.2&#8243; _module_preset=&#8221;default&#8221; global_colors_info=&#8221;{}&#8221;][\/et_pb_column][\/et_pb_row][\/et_pb_section][et_pb_section fb_built=&#8221;1&#8243; custom_padding_last_edited=&#8221;on|tablet&#8221; _builder_version=&#8221;4.27.4&#8243; _module_preset=&#8221;default&#8221; background_image=&#8221;https:\/\/fonkelzorginternational.nl\/wp-content\/uploads\/2025\/01\/Ontwerp-zonder-titel-4.jpg&#8221; background_position=&#8221;center_right&#8221; background_enable_mask_style=&#8221;on&#8221; background_mask_style=&#8221;caret&#8221; background_mask_color=&#8221;#337D82&#8243; background_mask_aspect_ratio=&#8221;square&#8221; background_mask_size=&#8221;cover&#8221; background_mask_position=&#8221;top_center&#8221; background_mask_vertical_offset=&#8221;40%&#8221; custom_padding=&#8221;160px||||false|false&#8221; custom_padding_tablet=&#8221;120px||0px||false|false&#8221; custom_padding_phone=&#8221;80px||80px||true|false&#8221; locked=&#8221;off&#8221; global_colors_info=&#8221;{}&#8221;][et_pb_row column_structure=&#8221;1_2,1_2&#8243; _builder_version=&#8221;4.27.4&#8243; _module_preset=&#8221;aec7ec7f-84d8-46d3-9aba-f08ecb6e36b7&#8243; custom_padding=&#8221;0px||0px||true|false&#8221; global_colors_info=&#8221;{}&#8221;][et_pb_column type=&#8221;1_2&#8243; _builder_version=&#8221;4.27.2&#8243; _module_preset=&#8221;default&#8221; global_colors_info=&#8221;{}&#8221;][et_pb_text _builder_version=&#8221;4.27.2&#8243; _module_preset=&#8221;eae85b6b-2fa4-48e7-ac87-d1c56206ed05&#8243; header_5_font=&#8221;|700||on|||||&#8221; header_5_text_color=&#8221;#8DD0E1&#8243; header_5_line_height=&#8221;20px&#8221; custom_margin=&#8221;||0px||false|false&#8221; global_colors_info=&#8221;{}&#8221;]<\/p>\n<h5>\u00ceNT\u00c2LNIRE<\/h5>\n<p>[\/et_pb_text][et_pb_text _builder_version=&#8221;4.27.2&#8243; _module_preset=&#8221;eae85b6b-2fa4-48e7-ac87-d1c56206ed05&#8243; header_2_font=&#8221;|700|||||||&#8221; header_2_text_color=&#8221;#FFFFFF&#8221; custom_margin=&#8221;||10px||false|false&#8221; global_colors_info=&#8221;{}&#8221;]<\/p>\n<h2>Floortje Fonkelfee<\/h2>\n<p>[\/et_pb_text][et_pb_text _builder_version=&#8221;4.27.2&#8243; _module_preset=&#8221;eae85b6b-2fa4-48e7-ac87-d1c56206ed05&#8243; text_text_color=&#8221;#FFFFFF&#8221; text_font_size=&#8221;16px&#8221; text_line_height=&#8221;24px&#8221; global_colors_info=&#8221;{}&#8221;]<\/p>\n<p>O ve\u021bi \u00eent\u00e2lni pe Floortje Fonkelfee foarte des la Fonkelzorg! Ea nu este doar o mascot\u0103; ea este inima vibrant\u0103 a Fonkelzorg! Optimist\u0103 p\u00e2n\u0103 \u00een v\u00e2rful aripilor \u0219i mereu plin\u0103 de energie, ea flutur\u0103 cu bagheta ei magic\u0103, c\u0103ut\u00e2nd noi modalit\u0103\u021bi de a face \u00eengrijirea \u0219i mai bun\u0103. Floortje este dornic\u0103 s\u0103 \u00eenve\u021be \u0219i curioas\u0103 &#8211; \u00eei place s\u0103 descopere lucruri noi \u0219i s\u0103-i inspire pe al\u021bii cu ideile ei. Dar aten\u021bie, este \u0219i un pic r\u0103ut\u0103cioas\u0103. Uneori face mici farse pentru a agita lucrurile, pentru c\u0103 \u0219tie: pu\u021bin umor poate face minuni. \ud83c\udf1f<\/p>\n<p>Pasiunea ei pentru \u00eengrijire este contagioas\u0103. Floortje ne reaminte\u0219te c\u0103 \u00eengrijirea poate fi nu doar profesional\u0103, ci \u0219i cald\u0103, inovatoare \u0219i plin\u0103 de poft\u0103 de via\u021b\u0103. \ud83d\udcab<\/p>\n<p>[\/et_pb_text][et_pb_image src=&#8221;https:\/\/fonkelzorginternational.nl\/wp-content\/uploads\/2024\/12\/pol-icon.svg&#8221; title_text=&#8221;pol-icon&#8221; show_bottom_space=&#8221;off&#8221; disabled_on=&#8221;on|on|off&#8221; _builder_version=&#8221;4.27.2&#8243; _module_preset=&#8221;default&#8221; custom_margin=&#8221;80px||0px||false|false&#8221; global_colors_info=&#8221;{}&#8221;][\/et_pb_image][\/et_pb_column][et_pb_column type=&#8221;1_2&#8243; _builder_version=&#8221;4.27.2&#8243; _module_preset=&#8221;default&#8221; global_colors_info=&#8221;{}&#8221;][et_pb_image src=&#8221;https:\/\/fonkelzorginternational.nl\/wp-content\/uploads\/2024\/12\/stars-icon.svg&#8221; title_text=&#8221;stele-icon&#8221; _builder_version=&#8221;4.27.2&#8243; _module_preset=&#8221;default&#8221; positioning=&#8221;absolute&#8221; horizontal_offset=&#8221;-50px&#8221; horizontal_offset_tablet=&#8221;0px&#8221; horizontal_offset_phone=&#8221;0px&#8221; horizontal_offset_last_edited=&#8221;on|tablet&#8221; width=&#8221;100%&#8221; width_tablet=&#8221;150px&#8221; width_phone=&#8221;100px&#8221; width_last_edited=&#8221;on|phone&#8221; scroll_vertical_motion_enable=&#8221;on&#8221; scroll_vertical_motion=&#8221;0|50|50|100|1|0|-1.5&#8243; scroll_vertical_motion_tablet=&#8221;0|50|50|100|-2|-1.5|0&#8243; scroll_vertical_motion_phone=&#8221;0|50|50|100|-2|-1.5|0&#8243; scroll_vertical_motion_last_edited=&#8221;on|tablet&#8221; locked=&#8221;off&#8221; global_colors_info=&#8221;{}&#8221;][\/et_pb_image][\/et_pb_column][\/et_pb_row][\/et_pb_section]<\/p>\n","protected":false},"excerpt":{"rendered":"<p>Despre noi\u00cengrijire cu un z\u00e2mbet.Mul\u021bi angaja\u021bi interna\u021bionali nu sunt \u00eenregistra\u021bi la un medic de familie olandez. Acest lucru se \u00eent\u00e2mpl\u0103 adesea pentru c\u0103 sunt aici temporar sau pentru c\u0103 li se pare complicat s\u0103 organizeze \u00eengrijirea medicului de familie. Acest lucru poate \u0219i ar trebui s\u0103 fie diferit! Special pentru ei &#8211; \u0219i, prin urmare, [&hellip;]<\/p>\n","protected":false},"author":3,"featured_media":0,"parent":0,"menu_order":0,"comment_status":"closed","ping_status":"closed","template":"","meta":{"_et_pb_use_builder":"on","_et_pb_old_content":"","_et_gb_content_width":"","footnotes":""},"dipi_cpt_category":[],"class_list":["post-2299","page","type-page","status-publish","hentry"],"yoast_head":"<!-- This site is optimized with the Yoast SEO plugin v27.4 - https:\/\/yoast.com\/product\/yoast-seo-wordpress\/ -->\n<title>Despre noi - Fonkelzorginternational<\/title>\n<meta name=\"robots\" content=\"index, follow, max-snippet:-1, max-image-preview:large, max-video-preview:-1\" \/>\n<link rel=\"canonical\" href=\"https:\/\/fonkelzorginternational.nl\/ro\/despre-noi\/\" \/>\n<meta property=\"og:locale\" content=\"ro_RO\" \/>\n<meta property=\"og:type\" content=\"article\" \/>\n<meta property=\"og:title\" content=\"Despre noi - Fonkelzorginternational\" \/>\n<meta property=\"og:description\" content=\"Despre noi\u00cengrijire cu un z\u00e2mbet.Mul\u021bi angaja\u021bi interna\u021bionali nu sunt \u00eenregistra\u021bi la un medic de familie olandez. Acest lucru se \u00eent\u00e2mpl\u0103 adesea pentru c\u0103 sunt aici temporar sau pentru c\u0103 li se pare complicat s\u0103 organizeze \u00eengrijirea medicului de familie. Acest lucru poate \u0219i ar trebui s\u0103 fie diferit! Special pentru ei - \u0219i, prin urmare, [&hellip;]\" \/>\n<meta property=\"og:url\" content=\"https:\/\/fonkelzorginternational.nl\/ro\/despre-noi\/\" \/>\n<meta property=\"og:site_name\" content=\"Fonkelzorginternational\" \/>\n<meta property=\"article:modified_time\" content=\"2025-01-21T13:10:48+00:00\" \/>\n<meta property=\"og:image\" content=\"https:\/\/fonkelzorginternational.nl\/wp-content\/uploads\/2026\/02\/Social-share-image.jpg\" \/>\n\t<meta property=\"og:image:width\" content=\"2500\" \/>\n\t<meta property=\"og:image:height\" content=\"1406\" \/>\n\t<meta property=\"og:image:type\" content=\"image\/jpeg\" \/>\n<meta name=\"twitter:card\" content=\"summary_large_image\" \/>\n<meta name=\"twitter:label1\" content=\"Timp estimat pentru citire\" \/>\n\t<meta name=\"twitter:data1\" content=\"14 minute\" \/>\n<script type=\"application\/ld+json\" class=\"yoast-schema-graph\">{\"@context\":\"https:\\\/\\\/schema.org\",\"@graph\":[{\"@type\":\"WebPage\",\"@id\":\"https:\\\/\\\/fonkelzorginternational.nl\\\/ro\\\/despre-noi\\\/\",\"url\":\"https:\\\/\\\/fonkelzorginternational.nl\\\/ro\\\/despre-noi\\\/\",\"name\":\"Despre noi - Fonkelzorginternational\",\"isPartOf\":{\"@id\":\"https:\\\/\\\/fonkelzorginternational.nl\\\/ro\\\/#website\"},\"datePublished\":\"2024-12-13T14:54:35+00:00\",\"dateModified\":\"2025-01-21T13:10:48+00:00\",\"breadcrumb\":{\"@id\":\"https:\\\/\\\/fonkelzorginternational.nl\\\/ro\\\/despre-noi\\\/#breadcrumb\"},\"inLanguage\":\"ro-RO\",\"potentialAction\":[{\"@type\":\"ReadAction\",\"target\":[\"https:\\\/\\\/fonkelzorginternational.nl\\\/ro\\\/despre-noi\\\/\"]}]},{\"@type\":\"BreadcrumbList\",\"@id\":\"https:\\\/\\\/fonkelzorginternational.nl\\\/ro\\\/despre-noi\\\/#breadcrumb\",\"itemListElement\":[{\"@type\":\"ListItem\",\"position\":1,\"name\":\"Home\",\"item\":\"https:\\\/\\\/fonkelzorginternational.nl\\\/ro\\\/acasa\\\/\"},{\"@type\":\"ListItem\",\"position\":2,\"name\":\"Despre noi\"}]},{\"@type\":\"WebSite\",\"@id\":\"https:\\\/\\\/fonkelzorginternational.nl\\\/ro\\\/#website\",\"url\":\"https:\\\/\\\/fonkelzorginternational.nl\\\/ro\\\/\",\"name\":\"Fonkelzorginternational\",\"description\":\"\",\"potentialAction\":[{\"@type\":\"SearchAction\",\"target\":{\"@type\":\"EntryPoint\",\"urlTemplate\":\"https:\\\/\\\/fonkelzorginternational.nl\\\/ro\\\/?s={search_term_string}\"},\"query-input\":{\"@type\":\"PropertyValueSpecification\",\"valueRequired\":true,\"valueName\":\"search_term_string\"}}],\"inLanguage\":\"ro-RO\"}]}<\/script>\n<!-- \/ Yoast SEO plugin. -->","yoast_head_json":{"title":"Despre noi - Fonkelzorginternational","robots":{"index":"index","follow":"follow","max-snippet":"max-snippet:-1","max-image-preview":"max-image-preview:large","max-video-preview":"max-video-preview:-1"},"canonical":"https:\/\/fonkelzorginternational.nl\/ro\/despre-noi\/","og_locale":"ro_RO","og_type":"article","og_title":"Despre noi - Fonkelzorginternational","og_description":"Despre noi\u00cengrijire cu un z\u00e2mbet.Mul\u021bi angaja\u021bi interna\u021bionali nu sunt \u00eenregistra\u021bi la un medic de familie olandez. Acest lucru se \u00eent\u00e2mpl\u0103 adesea pentru c\u0103 sunt aici temporar sau pentru c\u0103 li se pare complicat s\u0103 organizeze \u00eengrijirea medicului de familie. Acest lucru poate \u0219i ar trebui s\u0103 fie diferit! Special pentru ei - \u0219i, prin urmare, [&hellip;]","og_url":"https:\/\/fonkelzorginternational.nl\/ro\/despre-noi\/","og_site_name":"Fonkelzorginternational","article_modified_time":"2025-01-21T13:10:48+00:00","og_image":[{"width":2500,"height":1406,"url":"https:\/\/fonkelzorginternational.nl\/wp-content\/uploads\/2026\/02\/Social-share-image.jpg","type":"image\/jpeg"}],"twitter_card":"summary_large_image","twitter_misc":{"Timp estimat pentru citire":"14 minute"},"schema":{"@context":"https:\/\/schema.org","@graph":[{"@type":"WebPage","@id":"https:\/\/fonkelzorginternational.nl\/ro\/despre-noi\/","url":"https:\/\/fonkelzorginternational.nl\/ro\/despre-noi\/","name":"Despre noi - Fonkelzorginternational","isPartOf":{"@id":"https:\/\/fonkelzorginternational.nl\/ro\/#website"},"datePublished":"2024-12-13T14:54:35+00:00","dateModified":"2025-01-21T13:10:48+00:00","breadcrumb":{"@id":"https:\/\/fonkelzorginternational.nl\/ro\/despre-noi\/#breadcrumb"},"inLanguage":"ro-RO","potentialAction":[{"@type":"ReadAction","target":["https:\/\/fonkelzorginternational.nl\/ro\/despre-noi\/"]}]},{"@type":"BreadcrumbList","@id":"https:\/\/fonkelzorginternational.nl\/ro\/despre-noi\/#breadcrumb","itemListElement":[{"@type":"ListItem","position":1,"name":"Home","item":"https:\/\/fonkelzorginternational.nl\/ro\/acasa\/"},{"@type":"ListItem","position":2,"name":"Despre noi"}]},{"@type":"WebSite","@id":"https:\/\/fonkelzorginternational.nl\/ro\/#website","url":"https:\/\/fonkelzorginternational.nl\/ro\/","name":"Fonkelzorginternational","description":"","potentialAction":[{"@type":"SearchAction","target":{"@type":"EntryPoint","urlTemplate":"https:\/\/fonkelzorginternational.nl\/ro\/?s={search_term_string}"},"query-input":{"@type":"PropertyValueSpecification","valueRequired":true,"valueName":"search_term_string"}}],"inLanguage":"ro-RO"}]}},"_links":{"self":[{"href":"https:\/\/fonkelzorginternational.nl\/ro\/wp-json\/wp\/v2\/pages\/2299","targetHints":{"allow":["GET"]}}],"collection":[{"href":"https:\/\/fonkelzorginternational.nl\/ro\/wp-json\/wp\/v2\/pages"}],"about":[{"href":"https:\/\/fonkelzorginternational.nl\/ro\/wp-json\/wp\/v2\/types\/page"}],"author":[{"embeddable":true,"href":"https:\/\/fonkelzorginternational.nl\/ro\/wp-json\/wp\/v2\/users\/3"}],"replies":[{"embeddable":true,"href":"https:\/\/fonkelzorginternational.nl\/ro\/wp-json\/wp\/v2\/comments?post=2299"}],"version-history":[{"count":8,"href":"https:\/\/fonkelzorginternational.nl\/ro\/wp-json\/wp\/v2\/pages\/2299\/revisions"}],"predecessor-version":[{"id":2354,"href":"https:\/\/fonkelzorginternational.nl\/ro\/wp-json\/wp\/v2\/pages\/2299\/revisions\/2354"}],"wp:attachment":[{"href":"https:\/\/fonkelzorginternational.nl\/ro\/wp-json\/wp\/v2\/media?parent=2299"}],"wp:term":[{"taxonomy":"dipi_cpt_category","embeddable":true,"href":"https:\/\/fonkelzorginternational.nl\/ro\/wp-json\/wp\/v2\/dipi_cpt_category?post=2299"}],"curies":[{"name":"wp","href":"https:\/\/api.w.org\/{rel}","templated":true}]}}