{"id":2116,"date":"2024-10-31T14:24:49","date_gmt":"2024-10-31T13:24:49","guid":{"rendered":"https:\/\/fonkelzorginternational.nl\/empresarios\/"},"modified":"2026-01-27T13:43:08","modified_gmt":"2026-01-27T12:43:08","slug":"empresarios","status":"publish","type":"page","link":"https:\/\/fonkelzorginternational.nl\/es\/empresarios\/","title":{"rendered":"Empresarios"},"content":{"rendered":"<p>[et_pb_section fb_built=\u00bb1&#8243; _builder_version=\u00bb4.27.2&#8243; _module_preset=\u00bbdefault\u00bb use_background_color_gradient=\u00bbon\u00bb background_color_gradient_direction=\u00bb90deg\u00bb background_color_gradient_stops=\u00bb#398c8e 35%|rgba(57,140,142,0.49) 98%|rgba(57,140,142,0.49) 100%\u00bb background_color_gradient_overlays_image=\u00bbon\u00bb background_image=\u00bbhttps:\/\/fonkelzorginternational.nl\/wp-content\/uploads\/2024\/11\/Werkgevers-bg.jpg\u00bb width=\u00bb100%\u00bb custom_padding=\u00bb15%||100px||false|false\u00bb global_colors_info=\u00bb{}\u00bb][et_pb_row _builder_version=\u00bb4.27.2&#8243; _module_preset=\u00bbdefault\u00bb custom_padding=\u00bb||0px||false|false\u00bb global_colors_info=\u00bb{}\u00bb][et_pb_column type=\u00bb4_4&#8243; _builder_version=\u00bb4.27.2&#8243; _module_preset=\u00bbdefault\u00bb global_colors_info=\u00bb{}\u00bb][et_pb_text _builder_version=\u00bb4.27.4&#8243; _module_preset=\u00bbdefault\u00bb text_text_color=\u00bb#E4C800&#8243; header_text_color=\u00bb#F2E559&#8243; header_5_font=\u00bb|700||on|||||\u00bb header_5_text_color=\u00bb#E4C800&#8243; custom_margin=\u00bb||10px||false|false\u00bb locked=\u00bboff\u00bb global_colors_info=\u00bb{}\u00bb]<\/p>\n<h5>Elige ser un buen empleador<\/h5>\n<p>[\/et_pb_text][et_pb_text _builder_version=\u00bb4.27.2&#8243; _module_preset=\u00bbdefault\u00bb header_text_color=\u00bb#FFFFFF\u00bb header_font_size=\u00bb98px\u00bb header_line_height=\u00bb110px\u00bb background_enable_image=\u00bboff\u00bb header_font_size_tablet=\u00bb60px\u00bb header_font_size_phone=\u00bb36px\u00bb header_font_size_last_edited=\u00bbon|phone\u00bb header_line_height_tablet=\u00bb130%\u00bb header_line_height_phone=\u00bb130%\u00bb header_line_height_last_edited=\u00bbon|tablet\u00bb global_colors_info=\u00bb{}\u00bb]<\/p>\n<h1>F\u00e1cil inscripci\u00f3n para una buena atenci\u00f3n.<\/h1>\n<p>[\/et_pb_text][\/et_pb_column][\/et_pb_row][\/et_pb_section][et_pb_section fb_built=\u00bb1&#8243; _builder_version=\u00bb4.27.4&#8243; _module_preset=\u00bbdefault\u00bb global_colors_info=\u00bb{}\u00bb][et_pb_row column_structure=\u00bb1_2,1_2&#8243; _builder_version=\u00bb4.27.4&#8243; _module_preset=\u00bbdefault\u00bb global_colors_info=\u00bb{}\u00bb][et_pb_column type=\u00bb1_2&#8243; _builder_version=\u00bb4.27.4&#8243; _module_preset=\u00bbdefault\u00bb global_colors_info=\u00bb{}\u00bb][et_pb_heading title=\u00bbHola, estoy encantada de ayudarte. \u00bb _builder_version=\u00bb4.27.4&#8243; _module_preset=\u00bbdefault\u00bb custom_padding=\u00bb125px||||false|false\u00bb global_colors_info=\u00bb{}\u00bb][\/et_pb_heading][et_pb_text _builder_version=\u00bb4.27.4&#8243; _module_preset=\u00bbdefault\u00bb hover_enabled=\u00bb0&#8243; global_colors_info=\u00bb{}\u00bb sticky_enabled=\u00bb0&#8243;]<\/p>\n<p>&nbsp;<\/p>\n<div>\n<p><strong>S\u00e9 que puede darte much\u00edsima pereza inscribir a trabajadores internacionales en un m\u00e9dico de cabecera. Pero tambi\u00e9n s\u00e9 que vosotros quer\u00e9is cuidar bien de vuestros empleados.<\/strong><\/p>\n<p>Nosotros ofrecemos atenci\u00f3n de medicina general accesible para trabajadores internacionales: <strong>cerca de ellos y en su propio idioma<\/strong>, para que puedan gestionarlo elloszelf. Eso os ahorra mucho tiempo y hace todo mucho m\u00e1s f\u00e1cil. \u00a1Y de eso nos gusta!<\/p>\n<p>\u00bfTe interesa saber c\u00f3mo lo hacemos? Estoy aqu\u00ed para ayudarte.<\/p>\n<p><strong>Anieke van der Vlist<\/strong><\/p>\n<\/div>\n<p>&nbsp;<\/p>\n<p>&nbsp;<\/p>\n<p>[\/et_pb_text][et_pb_button button_url=\u00bbhttps:\/\/fonkelzorginternational.nl\/es\/trabajar-juntos\/\u00bb button_text=\u00bbPonte en contacto  \u00bb _builder_version=\u00bb4.27.4&#8243; _module_preset=\u00bbdefault\u00bb button_bg_color=\u00bb#E4C800&#8243; global_colors_info=\u00bb{}\u00bb][\/et_pb_button][\/et_pb_column][et_pb_column type=\u00bb1_2&#8243; _builder_version=\u00bb4.27.4&#8243; _module_preset=\u00bbdefault\u00bb global_colors_info=\u00bb{}\u00bb][et_pb_image src=\u00bbhttps:\/\/fonkelzorginternational.nl\/wp-content\/uploads\/2026\/01\/Anieke-vd-Vlist-Fonkelzorg-website.png\u00bb title_text=\u00bbAnieke-vd-Vlist-Fonkelzorg-website\u00bb _builder_version=\u00bb4.27.4&#8243; _module_preset=\u00bbdefault\u00bb hover_enabled=\u00bb0&#8243; global_colors_info=\u00bb{}\u00bb sticky_enabled=\u00bb0&#8243;][\/et_pb_image][\/et_pb_column][\/et_pb_row][\/et_pb_section][et_pb_section fb_built=\u00bb1&#8243; _builder_version=\u00bb4.27.4&#8243; _module_preset=\u00bbdefault\u00bb global_colors_info=\u00bb{}\u00bb][et_pb_row _builder_version=\u00bb4.27.4&#8243; _module_preset=\u00bbdefault\u00bb global_colors_info=\u00bb{}\u00bb][et_pb_column type=\u00bb4_4&#8243; _builder_version=\u00bb4.27.4&#8243; _module_preset=\u00bbdefault\u00bb global_colors_info=\u00bb{}\u00bb][et_pb_heading title=\u00bbEl proceso de inscripci\u00f3n\u00bb _builder_version=\u00bb4.27.4&#8243; _module_preset=\u00bbdefault\u00bb title_text_align=\u00bbcenter\u00bb global_colors_info=\u00bb{}\u00bb][\/et_pb_heading][et_pb_text _builder_version=\u00bb4.27.4&#8243; _module_preset=\u00bbdefault\u00bb text_orientation=\u00bbcenter\u00bb hover_enabled=\u00bb0&#8243; global_colors_info=\u00bb{}\u00bb sticky_enabled=\u00bb0&#8243;]<\/p>\n<p>&nbsp;<\/p>\n<div>\n<p><strong>Inscribir a los empleados es m\u00e1s f\u00e1cil de lo que piensas.<\/strong><br \/>En el plazo de una semana, todos pueden tener acceso a un m\u00e9dico de cabecera.<\/p>\n<p>Nosotros nos encargamos de explicar a los trabajadores c\u00f3mo funciona la atenci\u00f3n m\u00e9dica en los Pa\u00edses Bajos y c\u00f3mo pueden ponerse en contacto con nosotros. <strong>As\u00ed que no ten\u00e9is que preocuparos por nada.<\/strong> \ud83d\udc4c<\/p>\n<\/div>\n<p>&nbsp;<\/p>\n<p>&nbsp;<\/p>\n<p>[\/et_pb_text][dipi_horizontal_timeline columns=\u00bb3&#8243; loop=\u00bbon\u00bb autoplay=\u00bbon\u00bb navigation=\u00bbon\u00bb line_area_size=\u00bb87px\u00bb timeline_line_width=\u00bb1px\u00bb timeline_line_style=\u00bbdashed\u00bb timeline_line_color=\u00bb#2B7175&#8243; timeline_active_line_color=\u00bb#2B7175&#8243; timeline_active_horizontal_pos=\u00bb53%\u00bb _builder_version=\u00bb4.27.4&#8243; _module_preset=\u00bbdefault\u00bb scroll_horizontal_motion_enable=\u00bbon\u00bb global_colors_info=\u00bb{}\u00bb][dipi_horizontal_timeline_item ribbon=\u00bbPaso 1 por Fonkelzorg\u00bb title=\u00bbOntvangst excel\u00bb ribbon_text_bgcolor=\u00bbRGBA(255,255,255,0)\u00bb _builder_version=\u00bb4.27.4&#8243; _module_preset=\u00bbdefault\u00bb border_color_all_ribbon_text=\u00bb#2B7175&#8243; global_colors_info=\u00bb{}\u00bb]<\/p>\n<p>Na persoonlijk contact met onze Fonkelzorg International manager ontvangt u van ons een excel bestand om al jullie medewerkers in te vermelden. Dit is een universeel bestand wat voor elke organisatie makkelijk te gebruiken is.<\/p>\n<p>[\/dipi_horizontal_timeline_item][dipi_horizontal_timeline_item ribbon=\u00bbpaso 2 por ti\u00bb title=\u00bbCargar Excel\u00bb _builder_version=\u00bb4.27.4&#8243; _module_preset=\u00bbdefault\u00bb global_colors_info=\u00bb{}\u00bb]<\/p>\n<p>Rellena el archivo excel y s\u00fabelo muy f\u00e1cilmente a trav\u00e9s de nuestro sitio web.<\/p>\n<p>[\/dipi_horizontal_timeline_item][dipi_horizontal_timeline_item ribbon=\u00bbPaso 3 por Fonkelzorg\u00bb title=\u00bbAcceso a la asistencia\u00bb _builder_version=\u00bb4.27.4&#8243; _module_preset=\u00bbdefault\u00bb global_colors_info=\u00bb{}\u00bb]<\/p>\n<p>Wij zorgen ervoor dat alle medewerkers weten dat ze zich kunnen registreren bij Fonkelzorg International en wat de stappen daarvoor zijn.\u00a0<\/p>\n<p>[\/dipi_horizontal_timeline_item][dipi_horizontal_timeline_item ribbon=\u00bbStap 4 door Fonkelzorg\u00bb title=\u00bbToegang lokale zorg\u00bb _builder_version=\u00bb4.27.4&#8243; _module_preset=\u00bbdefault\u00bb global_colors_info=\u00bb{}\u00bb]<\/p>\n<p>Samen met de BMIP&#8217;s van de gemeentes zorgen we voor een sociale kaart zodat jullie medewerkers toegang hebben tot lokale zorg- en ondersteuningsdiensten.<\/p>\n<p>[\/dipi_horizontal_timeline_item][dipi_horizontal_timeline_item ribbon=\u00bbstap 5 door Fonkelzorg\u00bb title=\u00bbExplicar la asistencia sanitaria en Holanda\u00bb _builder_version=\u00bb4.27.4&#8243; _module_preset=\u00bbdefault\u00bb global_colors_info=\u00bb{}\u00bb]<\/p>\n<p>Wij maken alle medewerkers wegwijs in het Nederlandse zorglandschap. Daarnaast bieden we ondersteuninhg bij het inschrijfproces en verdere zorgbehoeften.<\/p>\n<p>[\/dipi_horizontal_timeline_item][\/dipi_horizontal_timeline][\/et_pb_column][\/et_pb_row][\/et_pb_section][et_pb_section fb_built=\u00bb1&#8243; custom_padding_last_edited=\u00bbon|phone\u00bb _builder_version=\u00bb4.27.2&#8243; _module_preset=\u00bbdefault\u00bb background_color=\u00bb#f4f7f7&#8243; custom_padding=\u00bb120px||120px||true|false\u00bb custom_padding_tablet=\u00bb80px||80px||true|false\u00bb custom_padding_phone=\u00bb50px||50px||true|false\u00bb global_colors_info=\u00bb{}\u00bb][et_pb_row custom_padding_last_edited=\u00bbon|phone\u00bb _builder_version=\u00bb4.27.2&#8243; _module_preset=\u00bbdefault\u00bb custom_padding=\u00bb0px||0px||false|false\u00bb custom_padding_tablet=\u00bb0px||||false|false\u00bb custom_padding_phone=\u00bb0px||||false|false\u00bb locked=\u00bboff\u00bb global_colors_info=\u00bb{}\u00bb][et_pb_column type=\u00bb4_4&#8243; _builder_version=\u00bb4.27.2&#8243; _module_preset=\u00bbdefault\u00bb global_colors_info=\u00bb{}\u00bb][et_pb_heading title=\u00bbPreguntas m\u00e1s frecuentes\u00bb _builder_version=\u00bb4.27.4&#8243; _module_preset=\u00bbdefault\u00bb global_colors_info=\u00bb{}\u00bb][\/et_pb_heading][dipi_faq faq_categories=\u00bb47&#8243; faq_order_by=\u00bbmenu_order\u00bb heading_tag=\u00bbh3&#8243; icon_animate=\u00bbon\u00bb icon_animate_delay=\u00bbon\u00bb icon_closed=\u00bb&#x4c;||divi||400&#8243; icon_open=\u00bb&#x4b;||divi||400&#8243; icon_open_color=\u00bb#FFFFFF\u00bb icon_closed_color=\u00bb#FFFFFF\u00bb icon_open_bg_color=\u00bb#E4C900&#8243; icon_closed_bg_color=\u00bb#53A6AC\u00bb icon_open_font_size=\u00bb30px\u00bb icon_closed_font_size=\u00bb30px\u00bb icon_open_border_radius=\u00bb8px\u00bb icon_closed_border_radius=\u00bb8px\u00bb icon_open_padding=\u00bb10px|10px|10px|10px|true|true\u00bb icon_closed_padding=\u00bb10px|10px|10px|10px|true|true\u00bb entry_background_closed=\u00bb#FFFFFF\u00bb entry_margin_closed=\u00bb||24px||false|false\u00bb title_padding_closed=\u00bb20px|100px|20px|100px|false|false\u00bb content_padding_closed=\u00bb3%|100px|3%|100px|false|false\u00bb icon_open_font_size_tablet=\u00bb26px\u00bb icon_open_font_size_phone=\u00bb22px\u00bb icon_open_font_size_last_edited=\u00bbon|phone\u00bb icon_closed_font_size_tablet=\u00bb26px\u00bb icon_closed_font_size_phone=\u00bb22px\u00bb icon_closed_font_size_last_edited=\u00bbon|phone\u00bb icon_open_padding_tablet=\u00bb9px|9px|9px|9px|true|true\u00bb icon_open_padding_phone=\u00bb8px|8px|8px|8px|true|true\u00bb icon_open_padding_last_edited=\u00bbon|tablet\u00bb icon_closed_padding_tablet=\u00bb9px|9px|9px|9px|true|true\u00bb icon_closed_padding_phone=\u00bb8px|8px|8px|8px|true|true\u00bb icon_closed_padding_last_edited=\u00bbon|tablet\u00bb entry_margin_closed_tablet=\u00bb||24px||false|false\u00bb entry_margin_closed_phone=\u00bb||12px||false|false\u00bb entry_margin_closed_last_edited=\u00bbon|phone\u00bb title_padding_closed_tablet=\u00bb20px|50px|20px|80px|false|false\u00bb title_padding_closed_phone=\u00bb|20px|||false|false\u00bb title_padding_closed_last_edited=\u00bbon|phone\u00bb content_padding_closed_tablet=\u00bb3%|50px|3%|50px|false|false\u00bb content_padding_closed_phone=\u00bb|20px||20px|false|true\u00bb content_padding_closed_last_edited=\u00bbon|phone\u00bb _builder_version=\u00bb4.27.4&#8243; _module_preset=\u00bbdefault\u00bb title_closed_font_size=\u00bb20px\u00bb title_closed_line_height=\u00bb30px\u00bb module_alignment=\u00bbcenter\u00bb title_closed_font_size_tablet=\u00bb20px\u00bb title_closed_font_size_phone=\u00bb16px\u00bb title_closed_font_size_last_edited=\u00bbon|phone\u00bb title_closed_line_height_tablet=\u00bb30px\u00bb title_closed_line_height_phone=\u00bb22px\u00bb title_closed_line_height_last_edited=\u00bbon|phone\u00bb content_closed_font_size_tablet=\u00bb\u00bb content_closed_font_size_phone=\u00bb14px\u00bb content_closed_font_size_last_edited=\u00bbon|phone\u00bb custom_css_free_form=\u00bbselector .dipi-faq-title .dipi-faq-icon-closed, .dipi-faq-title .dipi-faq-icon-open {||  right: auto;||  left: 20px;||}||selector .dipi-faq-entry {||  width: 49% !important;||  ||}||@media only screen and (max-width: 980px) {||selector .dipi-faq-entry {||  width: 100% !important;||  ||}||}||selector .dipi-faq-toggles {||      display: flex;||    flex-wrap: wrap;||  column-gap: 2%;||}\u00bb border_width_all=\u00bb0px\u00bb border_radii_entries_closed=\u00bbon|16px|16px|16px|16px\u00bb border_color_all_entries_closed=\u00bbRGBA(255,255,255,0)\u00bb border_radii_entries_open=\u00bbon|16px|16px|16px|16px\u00bb border_color_all_entries_open=\u00bbRGBA(255,255,255,0)\u00bb border_color_all_title_closed=\u00bbRGBA(255,255,255,0)\u00bb border_radii_content_closed=\u00bbon|16px|16px|16px|16px\u00bb border_radii_content_open=\u00bbon|16px|16px|16px|16px\u00bb box_shadow_style_entries_closed=\u00bbpreset3&#8243; box_shadow_vertical_entries_closed=\u00bb2px\u00bb box_shadow_blur_entries_closed=\u00bb24px\u00bb box_shadow_spread_entries_closed=\u00bb0px\u00bb box_shadow_color_entries_closed=\u00bbrgba(57,140,142,0.03)\u00bb global_colors_info=\u00bb{}\u00bb custom_css_wrapper_last_edited=\u00bboff|desktop\u00bb][\/dipi_faq][\/et_pb_column][\/et_pb_row][\/et_pb_section][et_pb_section fb_built=\u00bb1&#8243; custom_padding_last_edited=\u00bbon|phone\u00bb _builder_version=\u00bb4.27.2&#8243; _module_preset=\u00bbdefault\u00bb background_color=\u00bb#FFFFFF\u00bb custom_padding_tablet=\u00bb\u00bb custom_padding_phone=\u00bb30px||30px||true|false\u00bb locked=\u00bboff\u00bb global_colors_info=\u00bb{}\u00bb][et_pb_row _builder_version=\u00bb4.27.2&#8243; _module_preset=\u00bbdefault\u00bb custom_padding=\u00bb0px||0px||true|false\u00bb global_colors_info=\u00bb{}\u00bb][et_pb_column type=\u00bb4_4&#8243; _builder_version=\u00bb4.27.2&#8243; _module_preset=\u00bbdefault\u00bb global_colors_info=\u00bb{}\u00bb][et_pb_text _builder_version=\u00bb4.27.4&#8243; _module_preset=\u00bbdefault\u00bb text_text_color=\u00bb#398C8E\u00bb text_font_size=\u00bb22px\u00bb text_line_height=\u00bb150%\u00bb text_orientation=\u00bbcenter\u00bb global_colors_info=\u00bb{}\u00bb]<\/p>\n<p><span>\u00a1Elige buenas pr\u00e1cticas laborales y organiza el cuidado de la mejor manera posible! Con Fonkelzorg Internacional, lo organizas r\u00e1pido, f\u00e1cil y bien. Apostamos por la mejor asistencia m\u00e9dica. Para todos.   <\/span><\/p>\n<p>[\/et_pb_text][et_pb_text _builder_version=\u00bb4.27.2&#8243; _module_preset=\u00bbdefault\u00bb header_2_text_align=\u00bbcenter\u00bb header_2_font_size=\u00bb130px\u00bb global_colors_info=\u00bb{}\u00bb]<\/p>\n<h2><span>Ponte en <span style=\"color: #f2e559;\">contacto<\/span>.<\/span><\/h2>\n<p>[\/et_pb_text][et_pb_button button_url=\u00bbhttps:\/\/fonkelzorginternational.nl\/es\/trabajar-juntos\/\u00bb url_new_window=\u00bbon\u00bb button_text=\u00bbTrabaja con nosotros\u00bb button_alignment=\u00bbcenter\u00bb module_id=\u00bbbtn\u00bb _builder_version=\u00bb4.27.4&#8243; _module_preset=\u00bbdefault\u00bb button_text_color=\u00bb#FFFFFF\u00bb button_bg_color=\u00bb#2B7175&#8243; button_icon=\u00bb&#xe03c;||divi||400&#8243; custom_css_after=\u00bb||font-size: 45px !important;||\u00bb custom_css_free_form=\u00bb.btn:after {||font-size: 45px !important;||}||#page-container #btn:before,||#page-container #btn:after { ||  font-size: 2em !important;||    margin-left: 20px;||}||#page-container #btn:hover:after { ||  color: #fff !important; ||}||#page-container #btn:after { ||    color: #e4c900 !important; ||}||#page-container #btn:hover { ||    color: #e4c900 !important; ||}\u00bb global_colors_info=\u00bb{}\u00bb][\/et_pb_button][\/et_pb_column][\/et_pb_row][\/et_pb_section]<\/p>\n","protected":false},"excerpt":{"rendered":"<p>Elige ser un buen empleadorF\u00e1cil inscripci\u00f3n para una buena atenci\u00f3n.&nbsp; S\u00e9 que puede darte much\u00edsima pereza inscribir a trabajadores internacionales en un m\u00e9dico de cabecera. Pero tambi\u00e9n s\u00e9 que vosotros quer\u00e9is cuidar bien de vuestros empleados. Nosotros ofrecemos atenci\u00f3n de medicina general accesible para trabajadores internacionales: cerca de ellos y en su propio idioma, para [&hellip;]<\/p>\n","protected":false},"author":1,"featured_media":0,"parent":0,"menu_order":0,"comment_status":"closed","ping_status":"closed","template":"","meta":{"_et_pb_use_builder":"on","_et_pb_old_content":"","_et_gb_content_width":"","footnotes":""},"dipi_cpt_category":[],"class_list":["post-2116","page","type-page","status-publish","hentry"],"yoast_head":"<!-- This site is optimized with the Yoast SEO plugin v27.5 - https:\/\/yoast.com\/product\/yoast-seo-wordpress\/ -->\n<title>Empresarios - Fonkelzorginternational<\/title>\n<meta name=\"robots\" content=\"index, follow, max-snippet:-1, max-image-preview:large, max-video-preview:-1\" \/>\n<link rel=\"canonical\" href=\"https:\/\/fonkelzorginternational.nl\/es\/empresarios\/\" \/>\n<meta property=\"og:locale\" content=\"es_ES\" \/>\n<meta property=\"og:type\" content=\"article\" \/>\n<meta property=\"og:title\" content=\"Empresarios - Fonkelzorginternational\" \/>\n<meta property=\"og:description\" content=\"Elige ser un buen empleadorF\u00e1cil inscripci\u00f3n para una buena atenci\u00f3n.&nbsp; S\u00e9 que puede darte much\u00edsima pereza inscribir a trabajadores internacionales en un m\u00e9dico de cabecera. Pero tambi\u00e9n s\u00e9 que vosotros quer\u00e9is cuidar bien de vuestros empleados. Nosotros ofrecemos atenci\u00f3n de medicina general accesible para trabajadores internacionales: cerca de ellos y en su propio idioma, para [&hellip;]\" \/>\n<meta property=\"og:url\" content=\"https:\/\/fonkelzorginternational.nl\/es\/empresarios\/\" \/>\n<meta property=\"og:site_name\" content=\"Fonkelzorginternational\" \/>\n<meta property=\"article:modified_time\" content=\"2026-01-27T12:43:08+00:00\" \/>\n<meta property=\"og:image\" content=\"https:\/\/fonkelzorginternational.nl\/wp-content\/uploads\/2026\/02\/Social-share-image.jpg\" \/>\n\t<meta property=\"og:image:width\" content=\"2500\" \/>\n\t<meta property=\"og:image:height\" content=\"1406\" \/>\n\t<meta property=\"og:image:type\" content=\"image\/jpeg\" \/>\n<meta name=\"twitter:card\" content=\"summary_large_image\" \/>\n<meta name=\"twitter:label1\" content=\"Tiempo de lectura\" \/>\n\t<meta name=\"twitter:data1\" content=\"9 minutos\" \/>\n<script type=\"application\/ld+json\" class=\"yoast-schema-graph\">{\"@context\":\"https:\\\/\\\/schema.org\",\"@graph\":[{\"@type\":\"WebPage\",\"@id\":\"https:\\\/\\\/fonkelzorginternational.nl\\\/es\\\/empresarios\\\/\",\"url\":\"https:\\\/\\\/fonkelzorginternational.nl\\\/es\\\/empresarios\\\/\",\"name\":\"Empresarios - Fonkelzorginternational\",\"isPartOf\":{\"@id\":\"https:\\\/\\\/fonkelzorginternational.nl\\\/es\\\/#website\"},\"datePublished\":\"2024-10-31T13:24:49+00:00\",\"dateModified\":\"2026-01-27T12:43:08+00:00\",\"breadcrumb\":{\"@id\":\"https:\\\/\\\/fonkelzorginternational.nl\\\/es\\\/empresarios\\\/#breadcrumb\"},\"inLanguage\":\"es\",\"potentialAction\":[{\"@type\":\"ReadAction\",\"target\":[\"https:\\\/\\\/fonkelzorginternational.nl\\\/es\\\/empresarios\\\/\"]}]},{\"@type\":\"BreadcrumbList\",\"@id\":\"https:\\\/\\\/fonkelzorginternational.nl\\\/es\\\/empresarios\\\/#breadcrumb\",\"itemListElement\":[{\"@type\":\"ListItem\",\"position\":1,\"name\":\"Home\",\"item\":\"https:\\\/\\\/fonkelzorginternational.nl\\\/es\\\/inicio\\\/\"},{\"@type\":\"ListItem\",\"position\":2,\"name\":\"Empresarios\"}]},{\"@type\":\"WebSite\",\"@id\":\"https:\\\/\\\/fonkelzorginternational.nl\\\/es\\\/#website\",\"url\":\"https:\\\/\\\/fonkelzorginternational.nl\\\/es\\\/\",\"name\":\"Fonkelzorginternational\",\"description\":\"\",\"potentialAction\":[{\"@type\":\"SearchAction\",\"target\":{\"@type\":\"EntryPoint\",\"urlTemplate\":\"https:\\\/\\\/fonkelzorginternational.nl\\\/es\\\/?s={search_term_string}\"},\"query-input\":{\"@type\":\"PropertyValueSpecification\",\"valueRequired\":true,\"valueName\":\"search_term_string\"}}],\"inLanguage\":\"es\"}]}<\/script>\n<!-- \/ Yoast SEO plugin. -->","yoast_head_json":{"title":"Empresarios - Fonkelzorginternational","robots":{"index":"index","follow":"follow","max-snippet":"max-snippet:-1","max-image-preview":"max-image-preview:large","max-video-preview":"max-video-preview:-1"},"canonical":"https:\/\/fonkelzorginternational.nl\/es\/empresarios\/","og_locale":"es_ES","og_type":"article","og_title":"Empresarios - Fonkelzorginternational","og_description":"Elige ser un buen empleadorF\u00e1cil inscripci\u00f3n para una buena atenci\u00f3n.&nbsp; S\u00e9 que puede darte much\u00edsima pereza inscribir a trabajadores internacionales en un m\u00e9dico de cabecera. Pero tambi\u00e9n s\u00e9 que vosotros quer\u00e9is cuidar bien de vuestros empleados. Nosotros ofrecemos atenci\u00f3n de medicina general accesible para trabajadores internacionales: cerca de ellos y en su propio idioma, para [&hellip;]","og_url":"https:\/\/fonkelzorginternational.nl\/es\/empresarios\/","og_site_name":"Fonkelzorginternational","article_modified_time":"2026-01-27T12:43:08+00:00","og_image":[{"width":2500,"height":1406,"url":"https:\/\/fonkelzorginternational.nl\/wp-content\/uploads\/2026\/02\/Social-share-image.jpg","type":"image\/jpeg"}],"twitter_card":"summary_large_image","twitter_misc":{"Tiempo de lectura":"9 minutos"},"schema":{"@context":"https:\/\/schema.org","@graph":[{"@type":"WebPage","@id":"https:\/\/fonkelzorginternational.nl\/es\/empresarios\/","url":"https:\/\/fonkelzorginternational.nl\/es\/empresarios\/","name":"Empresarios - Fonkelzorginternational","isPartOf":{"@id":"https:\/\/fonkelzorginternational.nl\/es\/#website"},"datePublished":"2024-10-31T13:24:49+00:00","dateModified":"2026-01-27T12:43:08+00:00","breadcrumb":{"@id":"https:\/\/fonkelzorginternational.nl\/es\/empresarios\/#breadcrumb"},"inLanguage":"es","potentialAction":[{"@type":"ReadAction","target":["https:\/\/fonkelzorginternational.nl\/es\/empresarios\/"]}]},{"@type":"BreadcrumbList","@id":"https:\/\/fonkelzorginternational.nl\/es\/empresarios\/#breadcrumb","itemListElement":[{"@type":"ListItem","position":1,"name":"Home","item":"https:\/\/fonkelzorginternational.nl\/es\/inicio\/"},{"@type":"ListItem","position":2,"name":"Empresarios"}]},{"@type":"WebSite","@id":"https:\/\/fonkelzorginternational.nl\/es\/#website","url":"https:\/\/fonkelzorginternational.nl\/es\/","name":"Fonkelzorginternational","description":"","potentialAction":[{"@type":"SearchAction","target":{"@type":"EntryPoint","urlTemplate":"https:\/\/fonkelzorginternational.nl\/es\/?s={search_term_string}"},"query-input":{"@type":"PropertyValueSpecification","valueRequired":true,"valueName":"search_term_string"}}],"inLanguage":"es"}]}},"_links":{"self":[{"href":"https:\/\/fonkelzorginternational.nl\/es\/wp-json\/wp\/v2\/pages\/2116","targetHints":{"allow":["GET"]}}],"collection":[{"href":"https:\/\/fonkelzorginternational.nl\/es\/wp-json\/wp\/v2\/pages"}],"about":[{"href":"https:\/\/fonkelzorginternational.nl\/es\/wp-json\/wp\/v2\/types\/page"}],"author":[{"embeddable":true,"href":"https:\/\/fonkelzorginternational.nl\/es\/wp-json\/wp\/v2\/users\/1"}],"replies":[{"embeddable":true,"href":"https:\/\/fonkelzorginternational.nl\/es\/wp-json\/wp\/v2\/comments?post=2116"}],"version-history":[{"count":15,"href":"https:\/\/fonkelzorginternational.nl\/es\/wp-json\/wp\/v2\/pages\/2116\/revisions"}],"predecessor-version":[{"id":3301,"href":"https:\/\/fonkelzorginternational.nl\/es\/wp-json\/wp\/v2\/pages\/2116\/revisions\/3301"}],"wp:attachment":[{"href":"https:\/\/fonkelzorginternational.nl\/es\/wp-json\/wp\/v2\/media?parent=2116"}],"wp:term":[{"taxonomy":"dipi_cpt_category","embeddable":true,"href":"https:\/\/fonkelzorginternational.nl\/es\/wp-json\/wp\/v2\/dipi_cpt_category?post=2116"}],"curies":[{"name":"wp","href":"https:\/\/api.w.org\/{rel}","templated":true}]}}